{"id":5153,"date":"2020-08-20T15:01:32","date_gmt":"2020-08-20T15:01:32","guid":{"rendered":"http:\/\/helenaanjos.com\/?page_id=5153"},"modified":"2020-08-27T16:54:18","modified_gmt":"2020-08-27T16:54:18","slug":"politica-de-privacidade","status":"publish","type":"page","link":"https:\/\/helenaanjos.com\/en_en\/politica-de-privacidade\/","title":{"rendered":"Privacy Policy"},"content":{"rendered":"<p><\/p>\n\n\n\n<p>A marca Helena Anjos \u00e9 uma marca da titularidade de Maria Helena Anjos, contribuinte fiscal n.\u00ba 103570250, propriet\u00e1ria do helenaanjos.com, onde se encontra alojado o seu website.<\/p>\n\n\n\n<p>Estamos empenhados em proteger a privacidade e os dados pessoais dos utilizadores do seu website, pelo que elaborou e adotou a presente pol\u00edtica privacidade.<\/p>\n\n\n\n<p>Os dados pessoais fornecidos ter\u00e3o as seguintes finalidades: analisar e responder \u00e0s mensagens e pedidos de informa\u00e7\u00e3o; opera\u00e7\u00f5es e gest\u00e3o do website; manter um registo dos detalhes de contacto.<\/p>\n\n\n\n<p>Estas opera\u00e7\u00f5es de tratamento de dados pessoais s\u00e3o uma ferramenta essencial para a satisfa\u00e7\u00e3o na utiliza\u00e7\u00e3o da atividade de Helena Anjos e s\u00e3o realizadas de acordo com a legisla\u00e7\u00e3o aplic\u00e1vel e conforme as melhores pr\u00e1ticas.<\/p>\n\n\n\n<p>Os dados pessoais n\u00e3o ser\u00e3o reutilizados para outras finalidades que n\u00e3o sejam previamente identificadas ou que n\u00e3o tenham qualquer rela\u00e7\u00e3o com aquelas finalidades para as quais foram inicialmente recolhidos. Os dados pessoais recolhidos s\u00e3o os necess\u00e1rios e adequados \u00e0s finalidades acima indicadas.<\/p>\n\n\n\n<p><strong>Prote\u00e7\u00e3o dos dados pessoais<\/strong><\/p>\n\n\n\n<p>Os seus dados pessoais s\u00e3o mantidos em seguran\u00e7a atrav\u00e9s da ado\u00e7\u00e3o de diversas medidas, de car\u00e1ter t\u00e9cnico e organizativo, que garantem que s\u00f3 t\u00eam acesso aos dados pessoais os colaboradores e os processos que devem aceder aos mesmos.<\/p>\n\n\n\n<p>Embora tomemos os cuidados e as precau\u00e7\u00f5es adequadas para proteger os dados pessoais recolhidos, \u00e9 preciso ter em conta que nenhum sistema de seguran\u00e7a \u00e9 impenetr\u00e1vel.<\/p>\n\n\n\n<p><strong>Quanto tempo s\u00e3o conservados os dados pessoais<\/strong><\/p>\n\n\n\n<p>Os dados pessoais ser\u00e3o conservados pelo tempo necess\u00e1rio \u00e0s finalidades a que se destinam, nomeadamente o tempo estritamente necess\u00e1rio para a resposta aos contactos feitos. Findo o per\u00edodo de conserva\u00e7\u00e3o, todos os dados pessoais recolhidos ser\u00e3o eliminados.<\/p>\n\n\n\n<p><strong>Como podem ser exercidos os direitos<\/strong><\/p>\n\n\n\n<p>Informa\u00e7\u00e3o pr\u00e9via quanto aos direitos dos titulares de dados pessoais:<\/p>\n\n\n\n<p><strong>Acesso:<\/strong> direito de obter a confirma\u00e7\u00e3o de que os dados pessoais em causa s\u00e3o ou n\u00e3o objeto de tratamento e o direito de lhes aceder;<\/p>\n\n\n\n<p><strong>Retifica\u00e7\u00e3o:<\/strong> o direito de obten\u00e7\u00e3o da retifica\u00e7\u00e3o dos dados pessoais inexatos e de os dados pessoais incompletos serem completados;<\/p>\n\n\n\n<p><strong>Elimina\u00e7\u00e3o:<\/strong> o direito de obten\u00e7\u00e3o da elimina\u00e7\u00e3o dos dados pessoais quando se aplique um dos motivos elencados na legisla\u00e7\u00e3o;<\/p>\n\n\n\n<p><strong>Limita\u00e7\u00e3o do tratamento:<\/strong> o direito de obten\u00e7\u00e3o da limita\u00e7\u00e3o do tratamento se se aplicar uma das situa\u00e7\u00f5es elencadas na legisla\u00e7\u00e3o;<\/p>\n\n\n\n<p><strong>Oposi\u00e7\u00e3o:<\/strong> o direito de oposi\u00e7\u00e3o a qualquer momento ao tratamento dos dados pessoais;<\/p>\n\n\n\n<p><strong>Portabilidade:<\/strong> o direito de recebimento dos dados pessoais num formato estruturado, de uso corrente e de leitura autom\u00e1tica.<\/p>\n\n\n\n<p>Tem ainda o direito de apresentar reclama\u00e7\u00e3o junto \u00e0 autoridade de controlo competente (em Portugal, a Comiss\u00e3o Nacional de Prote\u00e7\u00e3o de Dados em <a href=\"http:\/\/www.cnpd.pt\">www.cnpd.pt<\/a>).<\/p>\n\n\n\n<p>Para efeito do exerc\u00edcio dos direitos acima indicados dever\u00e1 contactar Helena Anjos atrav\u00e9s do seguinte email: helena.anjos.coach@helenaanjos.com<\/p>\n\n\n\n<p>Caso solicite a elimina\u00e7\u00e3o de alguns dados pessoais ou da sua totalidade, alguns dos servi\u00e7os solicitados poder\u00e3o n\u00e3o ser prestados e iremos conservar os dados pessoais necess\u00e1rios para o cumprimento das obriga\u00e7\u00f5es legais a que se encontra vinculada.<\/p>\n\n\n\n<p><strong>Dados pessoas sens\u00edveis<\/strong><\/p>\n\n\n\n<p>Agradecemos que n\u00e3o sejam enviados ou dados a conhecer quaisquer dados pessoais sens\u00edveis, ou seja, informa\u00e7\u00f5es que revelem a origem racial ou \u00e9tnica, opini\u00f5es pol\u00edticas, cren\u00e7as religiosas ou filos\u00f3ficas, associa\u00e7\u00e3o sindical, informa\u00e7\u00f5es gen\u00e9ticas, informa\u00e7\u00f5es biom\u00e9tricas, dados relativos \u00e0 sa\u00fade ou dados relativos a vida sexual de uma pessoa natural ou a orienta\u00e7\u00e3o sexual.<\/p>\n\n\n\n<p><strong>Altera\u00e7\u00f5es \u00e0 Pol\u00edtica de Privacidade<\/strong><\/p>\n\n\n\n<p>Poderemos reajustar ou alterar a presente Pol\u00edtica de Privacidade, a qualquer momento, sendo essas altera\u00e7\u00f5es publicitadas.<\/p>\n\n\n\n<p><strong>Contacto<\/strong><\/p>\n\n\n\n<p>Para mais informa\u00e7\u00f5es sobre a Pol\u00edtica de Privacidade, poder\u00e1 contactar o seguinte endere\u00e7o de email: helena.anjos.coach@helenaanjos.com<\/p>\n\n\n\n<p><strong>\u00daltima vers\u00e3o<\/strong><\/p>\n\n\n\n<p>14 de mar\u00e7o de 2020.<\/p>\n\n\n\n<p><\/p>","protected":false},"excerpt":{"rendered":"<p>A marca Helena Anjos \u00e9 uma marca da titularidade de Maria Helena Anjos, contribuinte fiscal n.\u00ba 103570250, propriet\u00e1ria do helenaanjos.com, onde se encontra alojado o seu website. Estamos empenhados em proteger a privacidade e os dados pessoais dos utilizadores do seu website, pelo que elaborou e adotou a presente pol\u00edtica privacidade. Os dados pessoais fornecidos [&hellip;]<\/p>\n","protected":false},"author":1,"featured_media":0,"parent":0,"menu_order":0,"comment_status":"closed","ping_status":"closed","template":"","meta":{"footnotes":""},"class_list":["post-5153","page","type-page","status-publish","hentry"],"_links":{"self":[{"href":"https:\/\/helenaanjos.com\/en_en\/wp-json\/wp\/v2\/pages\/5153","targetHints":{"allow":["GET"]}}],"collection":[{"href":"https:\/\/helenaanjos.com\/en_en\/wp-json\/wp\/v2\/pages"}],"about":[{"href":"https:\/\/helenaanjos.com\/en_en\/wp-json\/wp\/v2\/types\/page"}],"author":[{"embeddable":true,"href":"https:\/\/helenaanjos.com\/en_en\/wp-json\/wp\/v2\/users\/1"}],"replies":[{"embeddable":true,"href":"https:\/\/helenaanjos.com\/en_en\/wp-json\/wp\/v2\/comments?post=5153"}],"version-history":[{"count":5,"href":"https:\/\/helenaanjos.com\/en_en\/wp-json\/wp\/v2\/pages\/5153\/revisions"}],"predecessor-version":[{"id":5517,"href":"https:\/\/helenaanjos.com\/en_en\/wp-json\/wp\/v2\/pages\/5153\/revisions\/5517"}],"wp:attachment":[{"href":"https:\/\/helenaanjos.com\/en_en\/wp-json\/wp\/v2\/media?parent=5153"}],"curies":[{"name":"wp","href":"https:\/\/api.w.org\/{rel}","templated":true}]}}