{"id":5005,"date":"2020-08-18T16:56:09","date_gmt":"2020-08-18T16:56:09","guid":{"rendered":"http:\/\/helenaanjos.com\/?page_id=5005"},"modified":"2020-09-04T15:11:43","modified_gmt":"2020-09-04T15:11:43","slug":"academia-de-desenvolvimento-de-lideres","status":"publish","type":"page","link":"https:\/\/helenaanjos.com\/en_en\/academia-de-desenvolvimento-de-lideres\/","title":{"rendered":"Leadership Development Academy"},"content":{"rendered":"<div  class=\"content_row row vc_row wpb_row  default-style fullwidth\">\n\t\n\t<div class=\"content_row_wrapper  default\">\n\t<div class=\"center vc_col-sm-12 wpb_column vc_column_container rt-5739803 has-bg-image has-custom-bg custom_bg rt-column-container\"><div class=\"rt-parallax-background has-bg-image\" data-rt-parallax-direction=\"-1\" data-rt-parallax-effect=\"horizontal\" data-rt-parallax-speed=\"1\" style=\"background-image: url(https:\/\/helenaanjos.com\/wp-content\/uploads\/2020\/08\/academia_topo.jpg);background-repeat: no-repeat!important;background-size: 50% auto!important;background-attachment: scroll!important;background-position: center center!important;\"><\/div>\n\t<div class=\"vc_column-inner rt-column-inner\">\n\t\t<div class=\"wpb_wrapper rt-wrapper\">\n\t\t\t<div class=\"vc_empty_space\"   style=\"height: 130px\"><span class=\"vc_empty_space_inner\"><\/span><\/div>\n\t<div class=\"wpb_text_column wpb_content_element\" >\n\t\t<div class=\"wpb_wrapper\">\n\t\t\t<h1>ACADEMIA DE DESENVOLVIMENTO<br \/>\nDE L\u00cdDERES<\/h1>\n\n\t\t<\/div>\n\t<\/div>\n\n\t<div  class=\"wpb_single_image wpb_content_element vc_align_center\">\n\t\t\n\t\t<figure class=\"wpb_wrapper vc_figure\">\n\t\t\t<div class=\"vc_single_image-wrapper   vc_box_border_grey\"><img decoding=\"async\" width=\"150\" height=\"26\" src=\"https:\/\/helenaanjos.com\/wp-content\/uploads\/2020\/08\/separadorAzeitona-150x26.png\" class=\"vc_single_image-img attachment-thumbnail\" alt=\"\" \/><\/div>\n\t\t<\/figure>\n\t<\/div>\n\n\t\t<\/div>\n\t<\/div>\n\t<\/div>\n\n<\/div>\n<\/div>\n\n<div  class=\"content_row row vc_row wpb_row  default-style fullwidth\">\n\t\n\t<div class=\"content_row_wrapper  default\"><div class=\"center vc_col-sm-3 wpb_column vc_column_container rt-7369568 rt-column-container\">\n\t<div class=\"vc_column-inner rt-column-inner\">\n\t\t<div class=\"wpb_wrapper rt-wrapper\">\n\t\t\t\n\t\t<\/div>\n\t<\/div>\n\t<\/div>\n\n\t<div class=\"center vc_col-sm-6 wpb_column vc_column_container rt-9086654 rt-column-container\">\n\t<div class=\"vc_column-inner rt-column-inner\">\n\t\t<div class=\"wpb_wrapper rt-wrapper\">\n\t\t\t\n\t<div class=\"wpb_text_column wpb_content_element\" >\n\t\t<div class=\"wpb_wrapper\">\n\t\t\t<p class=\"p1\"><span class=\"s1\">Acredito que a Forma\u00e7\u00e3o Profissional, inspirada no Coaching, contribui, em muito, para a transforma\u00e7\u00e3o e melhoria constante das equipas. Este \u00e9 o prop\u00f3sito da <b>Leadership Development Academy<\/b>.<\/span><\/p>\n\n\t\t<\/div>\n\t<\/div>\n\n\t<div class=\"wpb_text_column wpb_content_element\" >\n\t\t<div class=\"wpb_wrapper\">\n\t\t\t<hr class=\"hr_verde\" \/>\n\n\t\t<\/div>\n\t<\/div>\n\n\t\t<\/div>\n\t<\/div>\n\t<\/div>\n\n\t<div class=\"vc_col-sm-3 wpb_column vc_column_container rt-column-container\">\n\t<div class=\"vc_column-inner rt-column-inner\">\n\t\t<div class=\"wpb_wrapper rt-wrapper\">\n\t\t\t\n\t\t<\/div>\n\t<\/div>\n\t<\/div>\n<\/div>\n<\/div>\n\n<div  class=\"content_row row vc_row wpb_row  default-style fullwidth rt-3539435\">\n\t\n\t<div class=\"content_row_wrapper  default\"><div class=\"line-height-max vc_col-sm-6 wpb_column vc_column_container rt-6223793 rt-column-container\">\n\t<div class=\"vc_column-inner rt-column-inner\">\n\t\t<div class=\"wpb_wrapper rt-wrapper\">\n\t\t\t\n\t<div class=\"wpb_text_column wpb_content_element\" >\n\t\t<div class=\"wpb_wrapper\">\n\t\t\t<p class=\"p1\"><span class=\"s1\">Possuir <em>Coaching Skills<\/em> \u00e9 vital para os l\u00edderes, mas o l\u00edder n\u00e3o tem de ser Coach (afirma\u00e7\u00e3o inspirada numa frase de David Clutterbuck).<\/span><\/p>\n<p class=\"p1\"><span class=\"s1\">Investir na gest\u00e3o do capital humano e na gest\u00e3o de talentos \u00e9 contribuir para uma empresa mais competitiva. S\u00e3o as pessoas que est\u00e3o na linha da frente quando se trata do crescimento de uma organiza\u00e7\u00e3o. Assim, \u00e9 urgente habilitar os profissionais n\u00e3o s\u00f3 em compet\u00eancias t\u00e9cnicas, mas tamb\u00e9m em compet\u00eancias sociais e relacionais (o saber estar e o saber ser).<\/span><\/p>\n\n\t\t<\/div>\n\t<\/div>\n\n\t\t<\/div>\n\t<\/div>\n\t<\/div>\n\n\t<div class=\"line-height-min vc_col-sm-6 wpb_column vc_column_container rt-4985826 rt-column-container\">\n\t<div class=\"vc_column-inner rt-column-inner\">\n\t\t<div class=\"wpb_wrapper rt-wrapper\">\n\t\t\t\n\t<div  class=\"wpb_single_image wpb_content_element vc_align_left  wpb_animate_when_almost_visible wpb_fadeIn fadeIn vc_custom_1598466251265\">\n\t\t\n\t\t<figure class=\"wpb_wrapper vc_figure\">\n\t\t\t<div class=\"vc_single_image-wrapper   vc_box_border_grey\"><img fetchpriority=\"high\" decoding=\"async\" width=\"700\" height=\"424\" src=\"https:\/\/helenaanjos.com\/wp-content\/uploads\/2020\/08\/Academia-Lideres.jpg\" class=\"vc_single_image-img attachment-full\" alt=\"\" srcset=\"https:\/\/helenaanjos.com\/wp-content\/uploads\/2020\/08\/Academia-Lideres.jpg 700w, https:\/\/helenaanjos.com\/wp-content\/uploads\/2020\/08\/Academia-Lideres-300x182.jpg 300w, https:\/\/helenaanjos.com\/wp-content\/uploads\/2020\/08\/Academia-Lideres-350x212.jpg 350w\" sizes=\"(max-width: 700px) 100vw, 700px\" \/><\/div>\n\t\t<\/figure>\n\t<\/div>\n<div class=\"vc_empty_space\"   style=\"height: 32px\"><span class=\"vc_empty_space_inner\"><\/span><\/div>\n\t\t<\/div>\n\t<\/div>\n\t<\/div>\n<\/div>\n<\/div>\n\n<div  class=\"content_row row vc_row wpb_row  default-style fullwidth rt-3539435\">\n\t\n\t<div class=\"content_row_wrapper  default\"><div class=\"line-height-max vc_col-sm-6 wpb_column vc_column_container rt-6223793 rt-column-container\">\n\t<div class=\"vc_column-inner rt-column-inner\">\n\t\t<div class=\"wpb_wrapper rt-wrapper\">\n\t\t\t\n\t<div  class=\"wpb_single_image wpb_content_element vc_align_left  wpb_animate_when_almost_visible wpb_fadeIn fadeIn vc_custom_1598466259142\">\n\t\t\n\t\t<figure class=\"wpb_wrapper vc_figure\">\n\t\t\t<div class=\"vc_single_image-wrapper   vc_box_border_grey\"><img decoding=\"async\" width=\"600\" height=\"400\" src=\"https:\/\/helenaanjos.com\/wp-content\/uploads\/2020\/08\/Academia-Soft-Skills.jpg\" class=\"vc_single_image-img attachment-full\" alt=\"\" srcset=\"https:\/\/helenaanjos.com\/wp-content\/uploads\/2020\/08\/Academia-Soft-Skills.jpg 600w, https:\/\/helenaanjos.com\/wp-content\/uploads\/2020\/08\/Academia-Soft-Skills-300x200.jpg 300w\" sizes=\"(max-width: 600px) 100vw, 600px\" \/><\/div>\n\t\t<\/figure>\n\t<\/div>\n\n\t\t<\/div>\n\t<\/div>\n\t<\/div>\n\n\t<div class=\"line-height-max vc_col-sm-6 wpb_column vc_column_container rt-6269689 rt-column-container\">\n\t<div class=\"vc_column-inner rt-column-inner\">\n\t\t<div class=\"wpb_wrapper rt-wrapper\">\n\t\t\t\n\t<div class=\"wpb_text_column wpb_content_element\" >\n\t\t<div class=\"wpb_wrapper\">\n\t\t\t<p class=\"p1\"><span class=\"s1\">As <em>Soft Skills<\/em> j\u00e1 ganharam um papel crucial no sucesso e bem-estar das pessoas e na evolu\u00e7\u00e3o da intelig\u00eancia organizacional. S\u00e3o compet\u00eancias transversais, decisivas no sucesso da integra\u00e7\u00e3o profissional de quem est\u00e1 a entrar no mercado de trabalho e no crescimento pessoal e profissional de quem j\u00e1 est\u00e1 no mercado de trabalho.<\/span><\/p>\n<p class=\"p1\"><span class=\"s1\">Acredito em forma\u00e7\u00e3o vivencial, forma\u00e7\u00e3o transformadora, potenciadora de compet\u00eancias e atitudes extraordin\u00e1rias. Temos uma vasta experi\u00eancia e temos um forte entusiasmo! Colocamos estas duas bandeiras no desenho de cada curso, de cada a\u00e7\u00e3o de forma\u00e7\u00e3o.<\/span><\/p>\n\n\t\t<\/div>\n\t<\/div>\n<div class=\"vc_empty_space\"   style=\"height: 32px\"><span class=\"vc_empty_space_inner\"><\/span><\/div>\n\t\t<\/div>\n\t<\/div>\n\t<\/div>\n<\/div>\n<\/div>\n\n<div  class=\"content_row row bg_not_mobile vc_row wpb_row  default-style fullwidth rt-9504965\">\n\t\n\t<div class=\"content_row_wrapper  default\">\n\t<div class=\"center vc_col-sm-12 wpb_column vc_column_container rt-6328389 rt-column-container\">\n\t<div class=\"vc_column-inner rt-column-inner\">\n\t\t<div class=\"wpb_wrapper rt-wrapper\">\n\t\t\t<div class=\"vc_separator wpb_content_element vc_separator_align_center vc_sep_width_100 vc_sep_style-1 vc_sep_pos_align_center vc_separator_no_text vc_sep_color_#ffc33e\" ><span class=\"vc_sep_holder vc_sep_holder_l\"><span  class=\"vc_sep_line\"><\/span><\/span><span class=\"vc_sep_holder vc_sep_holder_r\"><span  class=\"vc_sep_line\"><\/span><\/span>\n<\/div>\n\t<div class=\"wpb_text_column wpb_content_element\" >\n\t\t<div class=\"wpb_wrapper\">\n\t\t\t<h4 class=\"banner_home\">TENHO UM ESP\u00cdRITO IRREQUIETO! O SABER \u00c9 UM ALIMENTO MUITO NUTRITIVO. INVISTO, COM FREQU\u00caNCIA, EM FORMA\u00c7\u00c3O CERTIFICADA QUE CONTRIBUI PARA O MEU DESENVOLVIMENTO COMO COACH PROFISSIONAL, COMO MENTORA E SUPERVISORA CERTIFICADA.<\/h4>\n\n\t\t<\/div>\n\t<\/div>\n<div class=\"vc_separator wpb_content_element vc_separator_align_center vc_sep_width_100 vc_sep_style-1 vc_sep_pos_align_center vc_separator_no_text vc_sep_color_#ffc33e\" ><span class=\"vc_sep_holder vc_sep_holder_l\"><span  class=\"vc_sep_line\"><\/span><\/span><span class=\"vc_sep_holder vc_sep_holder_r\"><span  class=\"vc_sep_line\"><\/span><\/span>\n<\/div>\n\t\t<\/div>\n\t<\/div>\n\t<\/div>\n\n<\/div>\n<\/div>\n\n<div  class=\"content_row row vc_row wpb_row  default-style fullwidth rt-1068422\">\n\t\n\t<div class=\"content_row_wrapper  default\"><div class=\"vc_col-sm-6 wpb_column vc_column_container rt-column-container\">\n\t<div class=\"vc_column-inner rt-column-inner\">\n\t\t<div class=\"wpb_wrapper rt-wrapper\">\n\t\t\t\n\t<div class=\"wpb_text_column wpb_content_element\" >\n\t\t<div class=\"wpb_wrapper\">\n\t\t\t<h2>Ofertas formativas<\/h2>\n<p>As minhas ofertas formativas respondem ao pedido do cliente e para iniciar cada dia preciso de auscultar o pulsar do grupo. S\u00e3o forma\u00e7\u00f5es com a simplicidade e a complexidade do ato de respirar! Os participantes t\u00eam oportunidade de vivenciar o \u2018saber\u2019 e o \u2018ser\u2019 atrav\u00e9s de din\u00e2micas envolventes e transformacionais.<\/p>\n<p>O objetivo macro \u00e9 que os participantes se revejam em modelos ou hist\u00f3rias e que as aprendizagens feitas sejam partilhadas com o grupo e aplicadas na vida pessoal e no local de trabalho.<\/p>\n\n\t\t<\/div>\n\t<\/div>\n\n\t\t<\/div>\n\t<\/div>\n\t<\/div>\n\n\t<div class=\"vc_col-sm-6 wpb_column vc_column_container rt-column-container\">\n\t<div class=\"vc_column-inner rt-column-inner\">\n\t\t<div class=\"wpb_wrapper rt-wrapper\">\n\t\t\t\n\t<div class=\"wpb_text_column wpb_content_element\" >\n\t\t<div class=\"wpb_wrapper\">\n\t\t\t<h2>Temas preferenciais<\/h2>\n<p class=\"p1\"><span class=\"s1\">A dura\u00e7\u00e3o depende do pedido do Cliente e do tema. As forma\u00e7\u00f5es t\u00eam uma dura\u00e7\u00e3o m\u00ednima de 3 horas. Os temas preferenciais incluem:<\/span><\/p>\n<ul>\n<li class=\"li1\"><span class=\"s1\">O Coaching \u2013 O que \u00e9? Casos de processos de Coaching<\/span><\/li>\n<li class=\"li1\"><span class=\"s1\">Desenvolvimento de Lideran\u00e7a para a Alta <em>Performance <\/em><\/span><\/li>\n<li class=\"li1\"><span class=\"s1\">Organiza\u00e7\u00f5es com Cultura Positiva e Produtiva. Como? <\/span><\/li>\n<li class=\"li1\"><span class=\"s1\">A Arte de dar e receber <em>Feedback<\/em><\/span><\/li>\n<li class=\"li1\"><span class=\"s1\">Liderar Colaboradores T\u00f3xicos <\/span><\/li>\n<li class=\"li1\"><span class=\"s1\">Tomada de Decis\u00e3o<\/span><\/li>\n<li class=\"li1\"><span class=\"s1\">Reuni\u00f5es Eficientes e Eficazes<\/span><\/li>\n<li class=\"li1\"><span class=\"s1\">Como lidar com a Solid\u00e3o e como valorizar a Solitude<\/span><\/li>\n<\/ul>\n\n\t\t<\/div>\n\t<\/div>\n\n\t\t<\/div>\n\t<\/div>\n\t<\/div>\n<\/div>\n<\/div>","protected":false},"excerpt":{"rendered":"ACADEMIA DE DESENVOLVIMENTO DE L\u00cdDERES Acredito que a Forma\u00e7\u00e3o Profissional, inspirada no Coaching, contribui, em muito, para a transforma\u00e7\u00e3o e melhoria constante das equipas. Este \u00e9 o prop\u00f3sito da Academia de Desenvolvimento de L\u00edderes. Possuir Coaching Skills \u00e9 vital para os l\u00edderes, mas o l\u00edder n\u00e3o tem de ser Coach (afirma\u00e7\u00e3o inspirada numa frase de [...]","protected":false},"author":1,"featured_media":0,"parent":0,"menu_order":0,"comment_status":"closed","ping_status":"closed","template":"","meta":{"footnotes":""},"class_list":["post-5005","page","type-page","status-publish","hentry"],"_links":{"self":[{"href":"https:\/\/helenaanjos.com\/en_en\/wp-json\/wp\/v2\/pages\/5005","targetHints":{"allow":["GET"]}}],"collection":[{"href":"https:\/\/helenaanjos.com\/en_en\/wp-json\/wp\/v2\/pages"}],"about":[{"href":"https:\/\/helenaanjos.com\/en_en\/wp-json\/wp\/v2\/types\/page"}],"author":[{"embeddable":true,"href":"https:\/\/helenaanjos.com\/en_en\/wp-json\/wp\/v2\/users\/1"}],"replies":[{"embeddable":true,"href":"https:\/\/helenaanjos.com\/en_en\/wp-json\/wp\/v2\/comments?post=5005"}],"version-history":[{"count":20,"href":"https:\/\/helenaanjos.com\/en_en\/wp-json\/wp\/v2\/pages\/5005\/revisions"}],"predecessor-version":[{"id":5530,"href":"https:\/\/helenaanjos.com\/en_en\/wp-json\/wp\/v2\/pages\/5005\/revisions\/5530"}],"wp:attachment":[{"href":"https:\/\/helenaanjos.com\/en_en\/wp-json\/wp\/v2\/media?parent=5005"}],"curies":[{"name":"wp","href":"https:\/\/api.w.org\/{rel}","templated":true}]}}