{"id":4985,"date":"2020-08-17T17:10:37","date_gmt":"2020-08-17T17:10:37","guid":{"rendered":"http:\/\/helenaanjos.com\/?page_id=4985"},"modified":"2020-09-04T15:10:41","modified_gmt":"2020-09-04T15:10:41","slug":"tea-time-coaching","status":"publish","type":"page","link":"https:\/\/helenaanjos.com\/en_en\/tea-time-coaching\/","title":{"rendered":"Tea Time Coaching"},"content":{"rendered":"<div  class=\"content_row row vc_row wpb_row  default-style fullwidth\">\n\t\n\t<div class=\"content_row_wrapper  default\">\n\t<div class=\"center vc_col-sm-12 wpb_column vc_column_container rt-6698145 has-bg-image has-custom-bg custom_bg rt-column-container\"><div class=\"rt-parallax-background has-bg-image\" data-rt-parallax-direction=\"-1\" data-rt-parallax-effect=\"horizontal\" data-rt-parallax-speed=\"1\" style=\"background-image: url(https:\/\/helenaanjos.com\/wp-content\/uploads\/2020\/08\/tea_time_topo.jpg);background-repeat: no-repeat!important;background-size: 50% auto!important;background-attachment: scroll!important;background-position: center center!important;\"><\/div>\n\t<div class=\"vc_column-inner rt-column-inner\">\n\t\t<div class=\"wpb_wrapper rt-wrapper\">\n\t\t\t<div class=\"vc_empty_space\"   style=\"height: 130px\"><span class=\"vc_empty_space_inner\"><\/span><\/div>\n\t<div class=\"wpb_text_column wpb_content_element\" >\n\t\t<div class=\"wpb_wrapper\">\n\t\t\t<h1>TEA TIME COACHING<\/h1>\n\n\t\t<\/div>\n\t<\/div>\n\n\t<div  class=\"wpb_single_image wpb_content_element vc_align_center\">\n\t\t\n\t\t<figure class=\"wpb_wrapper vc_figure\">\n\t\t\t<div class=\"vc_single_image-wrapper   vc_box_border_grey\"><img decoding=\"async\" width=\"150\" height=\"26\" src=\"https:\/\/helenaanjos.com\/wp-content\/uploads\/2020\/08\/separadorAzeitona-150x26.png\" class=\"vc_single_image-img attachment-thumbnail\" alt=\"\" \/><\/div>\n\t\t<\/figure>\n\t<\/div>\n\n\t\t<\/div>\n\t<\/div>\n\t<\/div>\n\n<\/div>\n<\/div>\n\n<div  class=\"content_row row vc_row wpb_row  default-style fullwidth\">\n\t\n\t<div class=\"content_row_wrapper  default\"><div class=\"center vc_col-sm-3 wpb_column vc_column_container rt-7369568 rt-column-container\">\n\t<div class=\"vc_column-inner rt-column-inner\">\n\t\t<div class=\"wpb_wrapper rt-wrapper\">\n\t\t\t\n\t\t<\/div>\n\t<\/div>\n\t<\/div>\n\n\t<div class=\"center vc_col-sm-6 wpb_column vc_column_container rt-9086654 rt-column-container\">\n\t<div class=\"vc_column-inner rt-column-inner\">\n\t\t<div class=\"wpb_wrapper rt-wrapper\">\n\t\t\t\n\t<div class=\"wpb_text_column wpb_content_element\" >\n\t\t<div class=\"wpb_wrapper\">\n\t\t\t<p class=\"p1\"><span class=\"s1\">Fa\u00e7a uma pausa para <b>Tea Time Coaching<\/b> e descubra as Tert\u00falias, <em>Workshops<\/em> e <em>Webinars<\/em> que prepar\u00e1mos para si.<\/span><\/p>\n\n\t\t<\/div>\n\t<\/div>\n\n\t<div class=\"wpb_text_column wpb_content_element\" >\n\t\t<div class=\"wpb_wrapper\">\n\t\t\t<hr class=\"hr_verde\" \/>\n\n\t\t<\/div>\n\t<\/div>\n\n\t\t<\/div>\n\t<\/div>\n\t<\/div>\n\n\t<div class=\"vc_col-sm-3 wpb_column vc_column_container rt-column-container\">\n\t<div class=\"vc_column-inner rt-column-inner\">\n\t\t<div class=\"wpb_wrapper rt-wrapper\">\n\t\t\t\n\t\t<\/div>\n\t<\/div>\n\t<\/div>\n<\/div>\n<\/div>\n\n<div  class=\"content_row row vc_row wpb_row  default-style fullwidth rt-8708866\">\n\t\n\t<div class=\"content_row_wrapper  default\">\n\t<div class=\"vc_col-sm-12 wpb_column vc_column_container rt-8525185 rt-column-container\">\n\t<div class=\"vc_column-inner rt-column-inner\">\n\t\t<div class=\"wpb_wrapper rt-wrapper\">\n\t\t\t\n\t<div class=\"wpb_text_column wpb_content_element\" >\n\t\t<div class=\"wpb_wrapper\">\n\t\t\t<h2>Tert\u00falias<\/h2>\n\n\t\t<\/div>\n\t<\/div>\n\n\t\t<\/div>\n\t<\/div>\n\t<\/div>\n\n<\/div>\n<\/div>\n\n<div  class=\"content_row row vc_row wpb_row  default-style fullwidth rt-2695532\">\n\t\n\t<div class=\"content_row_wrapper  default\"><div class=\"line-height-max vc_col-sm-6 wpb_column vc_column_container rt-6223793 rt-column-container\">\n\t<div class=\"vc_column-inner rt-column-inner\">\n\t\t<div class=\"wpb_wrapper rt-wrapper\">\n\t\t\t\n\t<div class=\"wpb_text_column wpb_content_element\" >\n\t\t<div class=\"wpb_wrapper\">\n\t\t\t<h4>As d\u00favidas do Coach<\/h4>\n<p>Este <em>workshop<\/em> inscreve-se num Projeto de Conversas entre Coaches que venho a desenvolver desde 2016. S\u00e3o conversas sem agenda pr\u00e9via, em que <strong>as d\u00favidas s\u00e3o o tema<\/strong>, s\u00e3o aquilo que move os Coaches a partilharem experi\u00eancias de receios, de inquieta\u00e7\u00f5es, de sucessos e a facilitaram reflex\u00f5es dos seus pares.<\/p>\n<p>Promovem o encontro e o desenvolvimento. Promovem o melhor de n\u00f3s: sair de um espa\u00e7o de solid\u00e3o e estar com os nossos pares, sem filtros, sem cren\u00e7as e dispon\u00edveis para usufruir desta dan\u00e7a que acontece quando cada um mostra algo de si.<\/p>\n\n\t\t<\/div>\n\t<\/div>\n\n\t\t<\/div>\n\t<\/div>\n\t<\/div>\n\n\t<div class=\"line-height-min vc_col-sm-6 wpb_column vc_column_container rt-4985826 rt-column-container\">\n\t<div class=\"vc_column-inner rt-column-inner\">\n\t\t<div class=\"wpb_wrapper rt-wrapper\">\n\t\t\t\n\t<div  class=\"wpb_single_image wpb_content_element vc_align_left  wpb_animate_when_almost_visible wpb_fadeIn fadeIn vc_custom_1598466188837\">\n\t\t\n\t\t<figure class=\"wpb_wrapper vc_figure\">\n\t\t\t<div class=\"vc_single_image-wrapper   vc_box_border_grey\"><img fetchpriority=\"high\" decoding=\"async\" width=\"800\" height=\"771\" src=\"https:\/\/helenaanjos.com\/wp-content\/uploads\/2020\/08\/Duvidas.jpg\" class=\"vc_single_image-img attachment-full\" alt=\"\" srcset=\"https:\/\/helenaanjos.com\/wp-content\/uploads\/2020\/08\/Duvidas.jpg 800w, https:\/\/helenaanjos.com\/wp-content\/uploads\/2020\/08\/Duvidas-300x289.jpg 300w, https:\/\/helenaanjos.com\/wp-content\/uploads\/2020\/08\/Duvidas-768x740.jpg 768w, https:\/\/helenaanjos.com\/wp-content\/uploads\/2020\/08\/Duvidas-400x385.jpg 400w\" sizes=\"(max-width: 800px) 100vw, 800px\" \/><\/div>\n\t\t<\/figure>\n\t<\/div>\n\n\t\t<\/div>\n\t<\/div>\n\t<\/div>\n<\/div>\n<\/div>\n\n<div  class=\"content_row row vc_row wpb_row  default-style fullwidth rt-6342464\">\n\t\n\t<div class=\"content_row_wrapper  default\"><div class=\"line-height-max vc_col-sm-6 wpb_column vc_column_container rt-6223793 rt-column-container\">\n\t<div class=\"vc_column-inner rt-column-inner\">\n\t\t<div class=\"wpb_wrapper rt-wrapper\">\n\t\t\t\n\t<div  class=\"wpb_single_image wpb_content_element vc_align_left  wpb_animate_when_almost_visible wpb_fadeIn fadeIn vc_custom_1598466196483\">\n\t\t\n\t\t<figure class=\"wpb_wrapper vc_figure\">\n\t\t\t<div class=\"vc_single_image-wrapper   vc_box_border_grey\"><img decoding=\"async\" width=\"557\" height=\"512\" src=\"https:\/\/helenaanjos.com\/wp-content\/uploads\/2020\/08\/Silencio.jpg\" class=\"vc_single_image-img attachment-full\" alt=\"\" srcset=\"https:\/\/helenaanjos.com\/wp-content\/uploads\/2020\/08\/Silencio.jpg 557w, https:\/\/helenaanjos.com\/wp-content\/uploads\/2020\/08\/Silencio-300x276.jpg 300w, https:\/\/helenaanjos.com\/wp-content\/uploads\/2020\/08\/Silencio-278x256.jpg 278w\" sizes=\"(max-width: 557px) 100vw, 557px\" \/><\/div>\n\t\t<\/figure>\n\t<\/div>\n\n\t\t<\/div>\n\t<\/div>\n\t<\/div>\n\n\t<div class=\"line-height-max vc_col-sm-6 wpb_column vc_column_container rt-4709015 rt-column-container\">\n\t<div class=\"vc_column-inner rt-column-inner\">\n\t\t<div class=\"wpb_wrapper rt-wrapper\">\n\t\t\t\n\t<div class=\"wpb_text_column wpb_content_element\" >\n\t\t<div class=\"wpb_wrapper\">\n\t\t\t<h4 class=\"p1\"><span class=\"s1\"><b>O sil\u00eancio em Coaching<\/b><\/span><\/h4>\n<p class=\"p1\"><span class=\"s1\">Nos processos de Coaching, o sil\u00eancio \u00e9 um caminho relvado, pintalgado com as cores do arco-\u00edris e que n\u00e3o deixa de nos surpreender com a mistura de luz, aromas, formas, sons imagin\u00e1rios, mas que contam in\u00fameras hist\u00f3rias.<\/span><\/p>\n<p class=\"p1\"><span class=\"s1\">O sil\u00eancio tamb\u00e9m \u00e9 um rei com um longo manto de veludo carmim. Este longo manto carmim tem a leveza da confian\u00e7a, a identidade da presen\u00e7a, o \u00abdar tempo\u00bb da escuta ativa, os desafios das perguntas poderosas, a intui\u00e7\u00e3o da comunica\u00e7\u00e3o direta, o \u00abdar-se conta\u00bb da tomada de consci\u00eancia. E quando o manto se move e o rei nos olha nos olhos, sabemos que estamos preparados para desenhar a\u00e7\u00f5es, para planear e estabelecer metas. <\/span><\/p>\n<p class=\"p1\"><span class=\"s1\">E assim, enquanto desenhamos o caminho relvado, pintalgado e surpreendente, estamos orgulhosamente a olhar para o nosso progresso e responsabilidade. Sempre comprometidos com as vozes poderosas e s\u00e1bias que habitam no espa\u00e7o do sil\u00eancio.<\/span><\/p>\n\n\t\t<\/div>\n\t<\/div>\n\n\t\t<\/div>\n\t<\/div>\n\t<\/div>\n<\/div>\n<\/div>\n\n<div  class=\"content_row row vc_row wpb_row  default-style fullwidth rt-9019318\">\n\t\n\t<div class=\"content_row_wrapper  default\">\n\t<div class=\"vc_col-sm-12 wpb_column vc_column_container rt-8525185 rt-column-container\">\n\t<div class=\"vc_column-inner rt-column-inner\">\n\t\t<div class=\"wpb_wrapper rt-wrapper\">\n\t\t\t<div class=\"vc_separator wpb_content_element vc_separator_align_center vc_sep_width_100 vc_sep_style-1 vc_sep_pos_align_center vc_separator_no_text vc_sep_color_#ffc33e\" ><span class=\"vc_sep_holder vc_sep_holder_l\"><span  class=\"vc_sep_line\"><\/span><\/span><span class=\"vc_sep_holder vc_sep_holder_r\"><span  class=\"vc_sep_line\"><\/span><\/span>\n<\/div>\n\t<div class=\"wpb_text_column wpb_content_element\" >\n\t\t<div class=\"wpb_wrapper\">\n\t\t\t<h2>Workshops e Webinars<\/h2>\n\n\t\t<\/div>\n\t<\/div>\n\n\t\t<\/div>\n\t<\/div>\n\t<\/div>\n\n<\/div>\n<\/div>\n\n<div  class=\"content_row row vc_row wpb_row  default-style fullwidth rt-4513025\">\n\t\n\t<div class=\"content_row_wrapper  default\"><div class=\"line-height-min vc_col-sm-6 wpb_column vc_column_container rt-6651710 rt-column-container\">\n\t<div class=\"vc_column-inner rt-column-inner\">\n\t\t<div class=\"wpb_wrapper rt-wrapper\">\n\t\t\t\n\t<div class=\"wpb_text_column wpb_content_element\" >\n\t\t<div class=\"wpb_wrapper\">\n\t\t\t<h4 class=\"p1\"><b> Coaching e Emo\u00e7\u00f5es <\/b><\/h4>\n<p>A comunica\u00e7\u00e3o humana nem sempre \u00e9 f\u00e1cil&#8230;<\/p>\n<p><strong>\u00abCada um de n\u00f3s pode saber o que disse, mas nunca o que o outro escutou.\u00bb<\/strong><br \/>\n<small>Jacques Lacan<\/small><\/p>\n<p><strong>\u00abA mente \u00e9 um fogo a ser aceso, n\u00e3o um vaso a preencher.\u00bb <\/strong><br \/>\n<small>Plutarco<\/small><\/p>\n<p>A mente deve ser despertada, incentivada e alimentada constantemente para que se possa desenvolver por conta pr\u00f3pria. Assim, ela tamb\u00e9m ser\u00e1 capaz de gerar novos conhecimentos e \u00abacender o fogo\u00bb de outras mentes.<\/p>\n<p>Das muitas perspetivas do Coaching, o Coaching Emocional \u00e9 uma das abordagens essenciais ao bem-estar e satisfa\u00e7\u00e3o do ser humano na atualidade. Somos o reflexo, o resultado das nossas emo\u00e7\u00f5es. Na realidade, quando elas est\u00e3o alinhadas e s\u00e3o positivas, encontramos paz interior, felicidade e bem-estar, por\u00e9m, quando elas est\u00e3o em desarmonia, ficamos com m\u00e1goas.<\/p>\n<p>Em Coaching gostamos de trabalhar com pessoas que se querem reerguer.<\/p>\n\n\t\t<\/div>\n\t<\/div>\n\n\t\t<\/div>\n\t<\/div>\n\t<\/div>\n\n\t<div class=\"line-height-min vc_col-sm-6 wpb_column vc_column_container rt-4985826 rt-column-container\">\n\t<div class=\"vc_column-inner rt-column-inner\">\n\t\t<div class=\"wpb_wrapper rt-wrapper\">\n\t\t\t\n\t<div  class=\"wpb_single_image wpb_content_element vc_align_left  wpb_animate_when_almost_visible wpb_fadeIn fadeIn vc_custom_1598466205625\">\n\t\t\n\t\t<figure class=\"wpb_wrapper vc_figure\">\n\t\t\t<div class=\"vc_single_image-wrapper   vc_box_border_grey\"><img loading=\"lazy\" decoding=\"async\" width=\"672\" height=\"594\" src=\"https:\/\/helenaanjos.com\/wp-content\/uploads\/2020\/08\/emocoes.jpg\" class=\"vc_single_image-img attachment-full\" alt=\"\" srcset=\"https:\/\/helenaanjos.com\/wp-content\/uploads\/2020\/08\/emocoes.jpg 672w, https:\/\/helenaanjos.com\/wp-content\/uploads\/2020\/08\/emocoes-300x265.jpg 300w, https:\/\/helenaanjos.com\/wp-content\/uploads\/2020\/08\/emocoes-336x297.jpg 336w\" sizes=\"(max-width: 672px) 100vw, 672px\" \/><\/div>\n\t\t<\/figure>\n\t<\/div>\n\n\t\t<\/div>\n\t<\/div>\n\t<\/div>\n<\/div>\n<\/div>\n\n<div  class=\"content_row row vc_row wpb_row  default-style fullwidth rt-4712697\">\n\t\n\t<div class=\"content_row_wrapper  default\"><div class=\"line-height-max vc_col-sm-6 wpb_column vc_column_container rt-6223793 rt-column-container\">\n\t<div class=\"vc_column-inner rt-column-inner\">\n\t\t<div class=\"wpb_wrapper rt-wrapper\">\n\t\t\t\n\t<div  class=\"wpb_single_image wpb_content_element vc_align_left  wpb_animate_when_almost_visible wpb_fadeIn fadeIn vc_custom_1598466214344\">\n\t\t\n\t\t<figure class=\"wpb_wrapper vc_figure\">\n\t\t\t<div class=\"vc_single_image-wrapper   vc_box_border_grey\"><img loading=\"lazy\" decoding=\"async\" width=\"800\" height=\"775\" src=\"https:\/\/helenaanjos.com\/wp-content\/uploads\/2020\/08\/Solidao.jpg\" class=\"vc_single_image-img attachment-full\" alt=\"\" srcset=\"https:\/\/helenaanjos.com\/wp-content\/uploads\/2020\/08\/Solidao.jpg 800w, https:\/\/helenaanjos.com\/wp-content\/uploads\/2020\/08\/Solidao-300x291.jpg 300w, https:\/\/helenaanjos.com\/wp-content\/uploads\/2020\/08\/Solidao-768x744.jpg 768w, https:\/\/helenaanjos.com\/wp-content\/uploads\/2020\/08\/Solidao-400x387.jpg 400w\" sizes=\"(max-width: 800px) 100vw, 800px\" \/><\/div>\n\t\t<\/figure>\n\t<\/div>\n\n\t\t<\/div>\n\t<\/div>\n\t<\/div>\n\n\t<div class=\"line-height-max vc_col-sm-6 wpb_column vc_column_container rt-5450612 rt-column-container\">\n\t<div class=\"vc_column-inner rt-column-inner\">\n\t\t<div class=\"wpb_wrapper rt-wrapper\">\n\t\t\t\n\t<div class=\"wpb_text_column wpb_content_element\" >\n\t\t<div class=\"wpb_wrapper\">\n\t\t\t<h4 class=\"p1\"><b> Da Solid\u00e3o \u00e0 Solitude <\/b><\/h4>\n<p class=\"p1\"><span class=\"s1\">Vamos viajar pelas dores e pelo bem-estar que separam e unem Solid\u00e3o e Solitude. Une-as o Sil\u00eancio, esse grande escultor de estados de alma!<\/span><\/p>\n<p class=\"p1\"><span class=\"s1\">O termo solid\u00e3o representa um vazio, uma incompletude, algo excessivamente doloroso, ao passo que solitude veste o sentido oposto, o \u00abestar conectado e em paz consigo mesmo\u00bb.<\/span><\/p>\n<p class=\"p1\"><span class=\"s1\">(&#8230;) a Solid\u00e3o n\u00e3o \u00e9 viver s\u00f3, a Solid\u00e3o \u00e9 n\u00e3o sermos capazes de fazer companhia a algu\u00e9m ou a alguma coisa que est\u00e1 dentro de n\u00f3s, a solid\u00e3o n\u00e3o \u00e9 uma \u00e1rvore no meio duma plan\u00edcie onde s\u00f3 ela esteja, \u00e9 a dist\u00e2ncia entre a seiva profunda e a casca, entre a folha e a raiz (&#8230;)<\/span><\/p>\n<p class=\"p1\"><span class=\"s1\">A Solitude \u00e9 um \u00abisolamento volunt\u00e1rio\u00bb. \u00c9 estar conectado e em paz consigo. Aprender a desfrutar de um tempo s\u00f3 para si e estar disposto a realizar tarefas sem a companhia de algu\u00e9m \u2013 como um caf\u00e9 ou uma viagem \u2013 permite-nos uma imers\u00e3o em n\u00f3s mesmos.<\/span><\/p>\n\n\t\t<\/div>\n\t<\/div>\n\n\t\t<\/div>\n\t<\/div>\n\t<\/div>\n<\/div>\n<\/div>\n\n<div  class=\"content_row row vc_row wpb_row  default-style fullwidth rt-2860162\">\n\t\n\t<div class=\"content_row_wrapper  default\"><div class=\"line-height-max vc_col-sm-6 wpb_column vc_column_container rt-6223793 rt-column-container\">\n\t<div class=\"vc_column-inner rt-column-inner\">\n\t\t<div class=\"wpb_wrapper rt-wrapper\">\n\t\t\t\n\t<div class=\"wpb_text_column wpb_content_element\" >\n\t\t<div class=\"wpb_wrapper\">\n\t\t\t<h4 class=\"p1\"><b> A Arte ao servi\u00e7o do Coaching, uma visita ao mundo Clown <\/b><\/h4>\n<p class=\"p1\"><span class=\"s1\">Em 2018 e 2019, frequent\u00e1mos dois n\u00edveis do curso de Clown e sentimos que nunca t\u00ednhamos estado numa atividade que fosse t\u00e3o pr\u00f3xima do Coaching. O impacto do Clown \u00e9 extraordin\u00e1rio.<\/span><\/p>\n<p class=\"p1\"><span class=\"s1\">Ministro a disciplina \u00abDe Clone a Clown\u00bb num curso de Coaching ICF. Num espa\u00e7o seguro, onde n\u00e3o h\u00e1 julgamentos e onde cada um se sente protegido, a t\u00e9cnica de Clown permite explorar todos os cantos e recantos do ser que est\u00e3o esquecidos, adormecidos, ou que ainda n\u00e3o conhece. Este trabalho permite que leve para a sua vida mais autenticidade, confian\u00e7a e espontaneidade.<\/span><\/p>\n<p class=\"p1\"><span class=\"s1\">Neste <em>workshop<\/em>, a criatividade e a alegria encontram-se com o mundo dos sonhos irreais e tamb\u00e9m com o mundo dos medos que nos paralisaram enquanto crian\u00e7as e ainda nos aparecem como os nossos maiores sabotadores.<\/span><\/p>\n\n\t\t<\/div>\n\t<\/div>\n\n\t\t<\/div>\n\t<\/div>\n\t<\/div>\n\n\t<div class=\"line-height-min vc_col-sm-6 wpb_column vc_column_container rt-4985826 rt-column-container\">\n\t<div class=\"vc_column-inner rt-column-inner\">\n\t\t<div class=\"wpb_wrapper rt-wrapper\">\n\t\t\t\n\t<div  class=\"wpb_single_image wpb_content_element vc_align_left  wpb_animate_when_almost_visible wpb_fadeIn fadeIn vc_custom_1598466222947\">\n\t\t\n\t\t<figure class=\"wpb_wrapper vc_figure\">\n\t\t\t<div class=\"vc_single_image-wrapper   vc_box_border_grey\"><img loading=\"lazy\" decoding=\"async\" width=\"700\" height=\"861\" src=\"https:\/\/helenaanjos.com\/wp-content\/uploads\/2020\/08\/Clown.jpg\" class=\"vc_single_image-img attachment-full\" alt=\"\" srcset=\"https:\/\/helenaanjos.com\/wp-content\/uploads\/2020\/08\/Clown.jpg 700w, https:\/\/helenaanjos.com\/wp-content\/uploads\/2020\/08\/Clown-244x300.jpg 244w, https:\/\/helenaanjos.com\/wp-content\/uploads\/2020\/08\/Clown-350x430.jpg 350w\" sizes=\"(max-width: 700px) 100vw, 700px\" \/><\/div>\n\t\t<\/figure>\n\t<\/div>\n\n\t\t<\/div>\n\t<\/div>\n\t<\/div>\n<\/div>\n<\/div>","protected":false},"excerpt":{"rendered":"TEA TIME COACHING Fa\u00e7a uma pausa para Tea Time Coaching e descubra as Tert\u00falias, Workshops e Webinars que prepar\u00e1mos para si. Tert\u00falias As d\u00favidas do Coach Este workshop inscreve-se num Projeto de Conversas entre Coaches que venho a desenvolver desde 2016. S\u00e3o conversas sem agenda pr\u00e9via, em que as d\u00favidas s\u00e3o o tema, s\u00e3o aquilo [...]","protected":false},"author":1,"featured_media":0,"parent":0,"menu_order":0,"comment_status":"closed","ping_status":"closed","template":"","meta":{"footnotes":""},"class_list":["post-4985","page","type-page","status-publish","hentry"],"_links":{"self":[{"href":"https:\/\/helenaanjos.com\/en_en\/wp-json\/wp\/v2\/pages\/4985","targetHints":{"allow":["GET"]}}],"collection":[{"href":"https:\/\/helenaanjos.com\/en_en\/wp-json\/wp\/v2\/pages"}],"about":[{"href":"https:\/\/helenaanjos.com\/en_en\/wp-json\/wp\/v2\/types\/page"}],"author":[{"embeddable":true,"href":"https:\/\/helenaanjos.com\/en_en\/wp-json\/wp\/v2\/users\/1"}],"replies":[{"embeddable":true,"href":"https:\/\/helenaanjos.com\/en_en\/wp-json\/wp\/v2\/comments?post=4985"}],"version-history":[{"count":33,"href":"https:\/\/helenaanjos.com\/en_en\/wp-json\/wp\/v2\/pages\/4985\/revisions"}],"predecessor-version":[{"id":5516,"href":"https:\/\/helenaanjos.com\/en_en\/wp-json\/wp\/v2\/pages\/4985\/revisions\/5516"}],"wp:attachment":[{"href":"https:\/\/helenaanjos.com\/en_en\/wp-json\/wp\/v2\/media?parent=4985"}],"curies":[{"name":"wp","href":"https:\/\/api.w.org\/{rel}","templated":true}]}}