{"id":4715,"date":"2020-08-14T09:32:13","date_gmt":"2020-08-14T09:32:13","guid":{"rendered":"http:\/\/helenaanjos.com\/?page_id=4715"},"modified":"2021-11-05T18:09:04","modified_gmt":"2021-11-05T18:09:04","slug":"helena-anjos","status":"publish","type":"page","link":"https:\/\/helenaanjos.com\/en_en\/helena-anjos\/","title":{"rendered":"Helena Anjos"},"content":{"rendered":"<div  class=\"content_row row vc_row wpb_row  default-style fullwidth\">\n\t\n\t<div class=\"content_row_wrapper  default\">\n\t<div class=\"center vc_col-sm-12 wpb_column vc_column_container rt-8213755 has-bg-image has-custom-bg custom_bg rt-column-container\"><div class=\"rt-parallax-background has-bg-image\" data-rt-parallax-direction=\"-1\" data-rt-parallax-effect=\"horizontal\" data-rt-parallax-speed=\"1\" style=\"background-image: url(https:\/\/helenaanjos.com\/wp-content\/uploads\/2020\/08\/bg-title-helena.jpg);background-repeat: no-repeat!important;background-size: 50% auto!important;background-attachment: scroll!important;background-position: center center!important;\"><\/div>\n\t<div class=\"vc_column-inner rt-column-inner\">\n\t\t<div class=\"wpb_wrapper rt-wrapper\">\n\t\t\t<div class=\"vc_empty_space\"   style=\"height: 130px\"><span class=\"vc_empty_space_inner\"><\/span><\/div>\n\t<div class=\"wpb_text_column wpb_content_element\" >\n\t\t<div class=\"wpb_wrapper\">\n\t\t\t<h1>HELENA<br \/>\nANJOS<\/h1>\n\n\t\t<\/div>\n\t<\/div>\n\n\t<div  class=\"wpb_single_image wpb_content_element vc_align_center\">\n\t\t\n\t\t<figure class=\"wpb_wrapper vc_figure\">\n\t\t\t<div class=\"vc_single_image-wrapper   vc_box_border_grey\"><img decoding=\"async\" width=\"150\" height=\"26\" src=\"https:\/\/helenaanjos.com\/wp-content\/uploads\/2020\/08\/separadorAzeitona-150x26.png\" class=\"vc_single_image-img attachment-thumbnail\" alt=\"\" \/><\/div>\n\t\t<\/figure>\n\t<\/div>\n\n\t\t<\/div>\n\t<\/div>\n\t<\/div>\n\n<\/div>\n<\/div>\n\n<div  class=\"content_row row vc_row wpb_row  default-style fullwidth\">\n\t\n\t<div class=\"content_row_wrapper  default\">\n\t<div class=\"center vc_col-sm-12 wpb_column vc_column_container rt-7369568 rt-column-container\">\n\t<div class=\"vc_column-inner rt-column-inner\">\n\t\t<div class=\"wpb_wrapper rt-wrapper\">\n\t\t\t\n\t<div class=\"wpb_text_column wpb_content_element\" >\n\t\t<div class=\"wpb_wrapper\">\n\t\t\t<p><strong>The mind must be constantly awakened, encouraged and nurtured so that it can develop on its own.<br \/>\nAssim, tamb\u00e9m ser\u00e1 capaz de gerar novos conhecimentos e \u201cacender o fogo\u201d de outras mentes. <\/strong><\/p>\n<p>I believe that every human being is greater than thought. In all of us inhabit an immensity of learning, knowledge and emotions.<br \/>\nAnd it also inhabits the potential yet to be discovered!<\/p>\n<p>In my coaching sessions, individual or team, people are free to feel the thoughts and think the emotions.<br \/>\nThis crossing is not easy, but believe me it is extraordinary!<\/p>\n\n\t\t<\/div>\n\t<\/div>\n\n\t<div class=\"wpb_text_column wpb_content_element\" >\n\t\t<div class=\"wpb_wrapper\">\n\t\t\t<hr class=\"hr_verde\" \/>\n\n\t\t<\/div>\n\t<\/div>\n\n\t\t<\/div>\n\t<\/div>\n\t<\/div>\n\n<\/div>\n<\/div>\n\n<div  class=\"content_row row vc_row wpb_row  default-style fullwidth rt-flex-wrapper rt-6430161\">\n\t\n\t<div class=\"content_row_wrapper align-contents content-align-bottom default\"><div class=\"send-to-bottom vc_col-sm-6 wpb_column vc_column_container rt-9511184 rt-column-container\">\n\t<div class=\"vc_column-inner rt-column-inner\">\n\t\t<div class=\"wpb_wrapper rt-wrapper\">\n\t\t\t\n\t<div  class=\"wpb_single_image wpb_content_element vc_align_left  wpb_animate_when_almost_visible wpb_fadeIn fadeIn vc_custom_1598466051710\">\n\t\t\n\t\t<figure class=\"wpb_wrapper vc_figure\">\n\t\t\t<div class=\"vc_single_image-wrapper   vc_box_border_grey\"><img fetchpriority=\"high\" decoding=\"async\" width=\"651\" height=\"769\" src=\"https:\/\/helenaanjos.com\/wp-content\/uploads\/2020\/08\/img_sobre_mimxecortada.png\" class=\"vc_single_image-img attachment-full\" alt=\"\" srcset=\"https:\/\/helenaanjos.com\/wp-content\/uploads\/2020\/08\/img_sobre_mimxecortada.png 651w, https:\/\/helenaanjos.com\/wp-content\/uploads\/2020\/08\/img_sobre_mimxecortada-254x300.png 254w, https:\/\/helenaanjos.com\/wp-content\/uploads\/2020\/08\/img_sobre_mimxecortada-325x384.png 325w\" sizes=\"(max-width: 651px) 100vw, 651px\" \/><\/div>\n\t\t<\/figure>\n\t<\/div>\n\n\t\t<\/div>\n\t<\/div>\n\t<\/div>\n\n\t<div class=\"line-height-min vc_col-sm-6 wpb_column vc_column_container rt-4985826 rt-column-container\">\n\t<div class=\"vc_column-inner rt-column-inner\">\n\t\t<div class=\"wpb_wrapper rt-wrapper\">\n\t\t\t\n\t<div class=\"wpb_text_column wpb_content_element\" >\n\t\t<div class=\"wpb_wrapper\">\n\t\t\t<h2>About me<\/h2>\n<p><strong>I'm Helena Anjos, Coach, credential-holder as Master Certified Coach by <a href=\"https:\/\/coachfederation.org\/\" target=\"_blank\" rel=\"noopener noreferrer\">International Coach Federation (ICF)<\/a> and as\u00a0Master Practitioner by EMCC.<\/strong><\/p>\n<p>\u2022 Companies, with a focus on their people, can count on my 18 years of experience as head of the Coaches team at CTT, as well as my experience as an independent professional. I have more than 11,000 hours of Executive Coaching practice and took more than 950 clients, with extraordinary results.<\/p>\n<p>\u2022 In addition to the Executive Coaching Certification, I invested in Team and Group Coaching certification.<\/p>\n<p>\u2022 I obtained the Mentor Coach certification in 2018 and the Coach Supervisor certification in 2020.<\/p>\n<p>\u2022 I was President of <a href=\"https:\/\/www.icf.pt\/\" target=\"_blank\" rel=\"noopener noreferrer\">ICF Portugal<\/a> in the 2017-2018 biennium and Vice President in the 2015-2016 biennium.<\/p>\n<p>\u2022 I am co-founder of <a href=\"https:\/\/emccportugal.org\/\" target=\"_blank\" rel=\"noopener noreferrer\">EMCC Portugal<\/a> and Master Practitioner.<\/p>\n<p>\u2022 I am co-author of three books on Coaching and have several articles published in HR magazines.<\/p>\n<p>\u2022 I have been a Clinical Psychologist since 1979 and a candidate member of the SPG-PAG since 2012.<\/p>\n<p>\u2022 I did a Masters in Clinical Psychology, \u00abThe Impact of Coaching on Psychological, Subjective and Work Well-being in team leaders\u00bb, a tribute to the Art and Science of Coaching.<\/p>\n<p class=\"translation-block\">\u2022 I volunteer at <a href=\"https:\/\/www.coachactivism.org\/\" target=\"_self\" rel=\"noopener noreferrer\">CoachActivism<\/a>, where I coach volunteers who work with refugees and at ECV, an initiative to Raise Cabo Verde, where I am a Coach and a Supervisor of three groups of coaches. I spport the <a href=\"https:\/\/nobully.org\/\" target=\"_self\" rel=\"noopener noreferrer\">No Bully<\/a>, a non-profit association, founded in 2016, with the purpose of ending bullying in the world.<\/p>\n\n\t\t<\/div>\n\t<\/div>\n<div class=\"vc_empty_space\"   style=\"height: 32px\"><span class=\"vc_empty_space_inner\"><\/span><\/div>\n\t\t<\/div>\n\t<\/div>\n\t<\/div>\n<\/div>\n<\/div>\n\n<div  class=\"content_row row bg_not_mobile vc_row wpb_row  default-style fullwidth has-bg-image rt-1970011\">\n\t\n\t<div class=\"content_row_wrapper  default\"><div class=\"vc_col-sm-3 wpb_column vc_column_container rt-column-container\">\n\t<div class=\"vc_column-inner rt-column-inner\">\n\t\t<div class=\"wpb_wrapper rt-wrapper\">\n\t\t\t\n\t\t<\/div>\n\t<\/div>\n\t<\/div>\n\n\t<div class=\"center line-height-min vc_col-sm-6 wpb_column vc_column_container rt-8375008 has-custom-margin rt-column-container\">\n\t<div class=\"vc_column-inner rt-column-inner\">\n\t\t<div class=\"wpb_wrapper rt-wrapper\">\n\t\t\t\n\t<div class=\"wpb_text_column wpb_content_element\" >\n\t\t<div class=\"wpb_wrapper\">\n\t\t\t<p><strong>I believe that in every human being there is an immensity of learning, knowledge and emotions \u2013 the potential yet to be discovered! When found, a more solid, more curious, more enthusiastic person emerges.<\/strong><\/p>\n<p>Coaching greatly contributes to bringing this potential to the surface, when practiced by mature and conscientious professionals, who use, during the sessions, a high dose of intuition, passion, as well as emotional intelligence.<\/p>\n<p class=\"translation-block\">I offer tailor-made Coaching, designed according to the client's needs, whether in a dual relationship, in teams or groups. Each session is a crossing. I walk through each phrase, each emotion, each question, using the ICF core competencies.<\/p>\n\n\t\t<\/div>\n\t<\/div>\n<div class=\"vc_separator wpb_content_element vc_separator_align_center vc_sep_width_100 vc_sep_style-1 vc_sep_pos_align_center vc_separator_no_text vc_sep_color_#ffc33e\" ><span class=\"vc_sep_holder vc_sep_holder_l\"><span  class=\"vc_sep_line\"><\/span><\/span><span class=\"vc_sep_holder vc_sep_holder_r\"><span  class=\"vc_sep_line\"><\/span><\/span>\n<\/div>\n\t<div class=\"wpb_text_column wpb_content_element\" >\n\t\t<div class=\"wpb_wrapper\">\n\t\t\t<h4 class=\"banner_home\">\u201cWhatever may your dream be, just start. Boldness has geniality, power and magic.\"<\/h4>\n<p>Johann Goethe<\/p>\n\n\t\t<\/div>\n\t<\/div>\n<div class=\"vc_separator wpb_content_element vc_separator_align_center vc_sep_width_100 vc_sep_style-1 vc_sep_pos_align_center vc_separator_no_text vc_sep_color_#ffc33e\" ><span class=\"vc_sep_holder vc_sep_holder_l\"><span  class=\"vc_sep_line\"><\/span><\/span><span class=\"vc_sep_holder vc_sep_holder_r\"><span  class=\"vc_sep_line\"><\/span><\/span>\n<\/div>\n\t\t<\/div>\n\t<\/div>\n\t<\/div>\n\n\t<div class=\"vc_col-sm-3 wpb_column vc_column_container rt-column-container\">\n\t<div class=\"vc_column-inner rt-column-inner\">\n\t\t<div class=\"wpb_wrapper rt-wrapper\">\n\t\t\t\n\t\t<\/div>\n\t<\/div>\n\t<\/div>\n<\/div>\n<\/div>\n\n<div  class=\"content_row row vc_row wpb_row  default-style fullwidth rt-flex-wrapper rt-6824156\">\n\t\n\t<div class=\"content_row_wrapper align-contents content-align-middle default\"><div class=\"center vc_col-sm-1\/5 wpb_column vc_column_container rt-6328644 rt-column-container\">\n\t<div class=\"vc_column-inner rt-column-inner\">\n\t\t<div class=\"wpb_wrapper rt-wrapper\">\n\t\t\t\n\t<div  class=\"wpb_single_image wpb_content_element vc_align_center\">\n\t\t\n\t\t<figure class=\"wpb_wrapper vc_figure\">\n\t\t\t<div class=\"vc_single_image-wrapper   vc_box_border_grey\"><img decoding=\"async\" width=\"100\" height=\"100\" src=\"https:\/\/helenaanjos.com\/wp-content\/uploads\/2021\/11\/MCC_ICF_2.png\" class=\"vc_single_image-img attachment-thumbnail\" alt=\"\" srcset=\"https:\/\/helenaanjos.com\/wp-content\/uploads\/2021\/11\/MCC_ICF_2.png 100w, https:\/\/helenaanjos.com\/wp-content\/uploads\/2021\/11\/MCC_ICF_2-12x12.png 12w, https:\/\/helenaanjos.com\/wp-content\/uploads\/2021\/11\/MCC_ICF_2-50x50.png 50w\" sizes=\"(max-width: 100px) 100vw, 100px\" \/><\/div>\n\t\t<\/figure>\n\t<\/div>\n\n\t\t<\/div>\n\t<\/div>\n\t<\/div>\n\n\t<div class=\"vc_col-sm-1\/5 wpb_column vc_column_container rt-column-container\">\n\t<div class=\"vc_column-inner rt-column-inner\">\n\t\t<div class=\"wpb_wrapper rt-wrapper\">\n\t\t\t\n\t<div  class=\"wpb_single_image wpb_content_element vc_align_center\">\n\t\t\n\t\t<figure class=\"wpb_wrapper vc_figure\">\n\t\t\t<div class=\"vc_single_image-wrapper   vc_box_border_grey\"><img loading=\"lazy\" decoding=\"async\" width=\"150\" height=\"142\" src=\"https:\/\/helenaanjos.com\/wp-content\/uploads\/2021\/11\/MP_EMCC_3-150x142.png\" class=\"vc_single_image-img attachment-thumbnail\" alt=\"\" \/><\/div>\n\t\t<\/figure>\n\t<\/div>\n\n\t\t<\/div>\n\t<\/div>\n\t<\/div>\n\n\t<div class=\"vc_col-sm-1\/5 wpb_column vc_column_container rt-column-container\">\n\t<div class=\"vc_column-inner rt-column-inner\">\n\t\t<div class=\"wpb_wrapper rt-wrapper\">\n\t\t\t\n\t<div  class=\"wpb_single_image wpb_content_element vc_align_center\">\n\t\t\n\t\t<figure class=\"wpb_wrapper vc_figure\">\n\t\t\t<div class=\"vc_single_image-wrapper   vc_box_border_grey\"><img loading=\"lazy\" decoding=\"async\" width=\"148\" height=\"61\" src=\"https:\/\/helenaanjos.com\/wp-content\/uploads\/2020\/08\/ISPA.png\" class=\"vc_single_image-img attachment-thumbnail\" alt=\"\" srcset=\"https:\/\/helenaanjos.com\/wp-content\/uploads\/2020\/08\/ISPA.png 148w, https:\/\/helenaanjos.com\/wp-content\/uploads\/2020\/08\/ISPA-74x30.png 74w\" sizes=\"(max-width: 148px) 100vw, 148px\" \/><\/div>\n\t\t<\/figure>\n\t<\/div>\n\n\t\t<\/div>\n\t<\/div>\n\t<\/div>\n\n\t<div class=\"vc_col-sm-1\/5 wpb_column vc_column_container rt-column-container\">\n\t<div class=\"vc_column-inner rt-column-inner\">\n\t\t<div class=\"wpb_wrapper rt-wrapper\">\n\t\t\t\n\t<div  class=\"wpb_single_image wpb_content_element vc_align_center\">\n\t\t\n\t\t<figure class=\"wpb_wrapper vc_figure\">\n\t\t\t<div class=\"vc_single_image-wrapper   vc_box_border_grey\"><img loading=\"lazy\" decoding=\"async\" width=\"150\" height=\"105\" src=\"https:\/\/helenaanjos.com\/wp-content\/uploads\/2020\/08\/SPG-PAG-150x105.png\" class=\"vc_single_image-img attachment-thumbnail\" alt=\"\" \/><\/div>\n\t\t<\/figure>\n\t<\/div>\n\n\t\t<\/div>\n\t<\/div>\n\t<\/div>\n\n\t<div class=\"vc_col-sm-1\/5 wpb_column vc_column_container rt-column-container\">\n\t<div class=\"vc_column-inner rt-column-inner\">\n\t\t<div class=\"wpb_wrapper rt-wrapper\">\n\t\t\t\n\t<div  class=\"wpb_single_image wpb_content_element vc_align_center\">\n\t\t\n\t\t<figure class=\"wpb_wrapper vc_figure\">\n\t\t\t<div class=\"vc_single_image-wrapper   vc_box_border_grey\"><img loading=\"lazy\" decoding=\"async\" width=\"114\" height=\"55\" src=\"https:\/\/helenaanjos.com\/wp-content\/uploads\/2020\/08\/POINTS-OF-YOU.png\" class=\"vc_single_image-img attachment-thumbnail\" alt=\"\" srcset=\"https:\/\/helenaanjos.com\/wp-content\/uploads\/2020\/08\/POINTS-OF-YOU.png 114w, https:\/\/helenaanjos.com\/wp-content\/uploads\/2020\/08\/POINTS-OF-YOU-57x27.png 57w\" sizes=\"(max-width: 114px) 100vw, 114px\" \/><\/div>\n\t\t<\/figure>\n\t<\/div>\n\n\t\t<\/div>\n\t<\/div>\n\t<\/div>\n<\/div>\n<\/div>","protected":false},"excerpt":{"rendered":"HELENA ANJOS A mente deve ser despertada, incentivada e alimentada constantemente para que se possa desenvolver por conta pr\u00f3pria. Assim, tamb\u00e9m ser\u00e1 capaz de gerar novos conhecimentos e \u201cacender o fogo\u201d de outras mentes. Acredito que cada ser humano \u00e9 maior do que o pensamento. Em todos n\u00f3s habitam uma imensid\u00e3o de aprendizagens, saberes e [...]","protected":false},"author":1,"featured_media":0,"parent":0,"menu_order":0,"comment_status":"closed","ping_status":"closed","template":"","meta":{"footnotes":""},"class_list":["post-4715","page","type-page","status-publish","hentry"],"_links":{"self":[{"href":"https:\/\/helenaanjos.com\/en_en\/wp-json\/wp\/v2\/pages\/4715","targetHints":{"allow":["GET"]}}],"collection":[{"href":"https:\/\/helenaanjos.com\/en_en\/wp-json\/wp\/v2\/pages"}],"about":[{"href":"https:\/\/helenaanjos.com\/en_en\/wp-json\/wp\/v2\/types\/page"}],"author":[{"embeddable":true,"href":"https:\/\/helenaanjos.com\/en_en\/wp-json\/wp\/v2\/users\/1"}],"replies":[{"embeddable":true,"href":"https:\/\/helenaanjos.com\/en_en\/wp-json\/wp\/v2\/comments?post=4715"}],"version-history":[{"count":54,"href":"https:\/\/helenaanjos.com\/en_en\/wp-json\/wp\/v2\/pages\/4715\/revisions"}],"predecessor-version":[{"id":5655,"href":"https:\/\/helenaanjos.com\/en_en\/wp-json\/wp\/v2\/pages\/4715\/revisions\/5655"}],"wp:attachment":[{"href":"https:\/\/helenaanjos.com\/en_en\/wp-json\/wp\/v2\/media?parent=4715"}],"curies":[{"name":"wp","href":"https:\/\/api.w.org\/{rel}","templated":true}]}}